{"id":8020,"date":"2026-01-31T11:36:55","date_gmt":"2026-01-31T11:36:55","guid":{"rendered":"https:\/\/www.adamelloexpress.com\/?post_type=place&#038;p=8020"},"modified":"2026-03-03T13:22:26","modified_gmt":"2026-03-03T13:22:26","slug":"tour-corea-del-sud","status":"publish","type":"place","link":"https:\/\/www.adamelloexpress.com\/index.php\/place\/tour-corea-del-sud\/","title":{"rendered":"Tour Corea del Sud"},"content":{"rendered":"<p><strong>Tour della Corea del Sud<\/strong><\/p>\n<p><strong>dal 18 settembre all\u20191 ottobre 2026<\/strong><\/p>\n<p>&nbsp;<\/p>\n<p><strong>Operativo voli<\/strong>:<\/p>\n<p>18\/09\u00a0 \u00a0MXP\/IST \u00a0\u00a0\u00a0TK \u00a0\u00a0\u00a010:20-14:20<br \/>\n_ _ _ _\u00a0 IST\/ICN\u00a0\u00a0 \u00a0\u00a0TK \u00a0\u00a0\u00a016:50 &#8211; 08:35 del 19\/09<br \/>\n30\/09\u00a0 ICN\/IST\u00a0 \u00a0 \u00a0TK \u00a0\u00a0\u00a023:20 &#8211; 04:50 +1<br \/>\n01\/10\u00a0 \u00a0IST\/MXP\u00a0\u00a0 \u00a0TK \u00a0\u00a0\u00a006:55 &#8211; 08:45<\/p>\n<p><strong><u>18 settembre 2026: MILANO MALPENSA &#8211; SEOUL<br \/>\n<\/u><\/strong>Partenza dalla Valle verso l\u2019aeroporto di Malpensa. Disbrigo delle formalit\u00e0 aeroportuali. Partenza con volo Turkish via Istanbul<\/p>\n<p>Pasti, film e pernottamento a bordo.<\/p>\n<p><strong><u>19 settembre 2026: SEOUL<br \/>\n<\/u><\/strong><em>Pasti inclusi: pranzo, cena<\/em><\/p>\n<p>Arrivo a Seoul alle ore 08,35. Dopo il controllo passaporti ed il ritiro dei bagagli, incontro con la guida parlante italiano e trasferimento in pullman riservato (circa 1 ora e 20 minuti) in centro citt\u00e0 ed inizio visita. Pranzo. Nel pomeriggio, visita al Tempio Bongeunsa, risalente al X secolo. Il tempio era originariamente chiamato Gyeonseongsa, ed era il cuore della corrente religiosa Seon. La giornata si concluder\u00e0 con la visita al centro Samsung Delight Cena in ristorante locale e pernottamento.<\/p>\n<p><strong><u>20 settembre 2026: SEOUL<br \/>\n<\/u><\/strong><em>Pasti inclusi: colazione, pranzo, cena<\/em><\/p>\n<p>Visita alla residenza presidenziale Cheongwadae; al Palazzo della dinastia Joseon (Gyeongbok Palace) e al Museo del folklore. La giornata proseguir\u00e0 con la visita al Tempio Jogyesa Temple, al mercato di Namdaemun e alla Torre di Seoul. La giornata si concluder\u00e0 con uno spettacolo \u201cNanta\u201d (spettacolo comico di mimi).<\/p>\n<p><strong><u>21 settembre 2026: SEOUL &#8211; SUWON \u2013 DAEJEON<br \/>\n<\/u><\/strong><em>Pasti inclusi: colazione, pranzo, cena<\/em><\/p>\n<p>Colazione e partenza per Suwon che dista circa 30 km da Seoul. \u00c8 l\u2019ultimo esempio di citt\u00e0 fortificata rimasta.\u00a0 Visita della fortezza e del Mall. Pranzo e proseguimento per Daejeon 5\u00b0 citt\u00e0 pi\u00f9 grande della Corea. Sistemazione in albergo. Cena e pernottamento<\/p>\n<p><strong><u>22 settembre 2026: DAEJEON &#8211; MONTE MAISAN &#8211; JEONJU<br \/>\n<\/u><\/strong><em>Pasti inclusi: colazione, pranzo, cena<\/em><\/p>\n<p>Colazione e partenza per il Monte Maisan la montagna che vanta due vette alte 667 e 673 metri. Visita del villaggio di Jeonju e del tempio Gyeonggijeon e del padiglione Omokdae.\u00a0 Per ammirare le case tradizionali coreane (hanok). Sistemazione in albergo, cena e pernottamento<\/p>\n<p><strong><u>23 settembre 2026: JEONJU &#8211; SUNCHANG \u2013 GANGJIN &#8211; YEOSU<br \/>\n<\/u><\/strong><em>Pasti inclusi: colazione, pranzo, cena<\/em><\/p>\n<p>Colazione e partenza per il distretto di Sunchang regione montagnosa della Corea del Sud. Visita del villaggio di Gochujang dove si impara a fare la pasta di pepe rosso e assaggio della salsa di pepe rosso. Pranzo e proseguimento per Gangjin. Visita del giardino di Baekundong Byeolseo e si partecipa alla cerimonia del te. Arrivo in serata a Yeosu. Sistemazione in albergo, cena e pernottamento.<\/p>\n<p><strong><u>24 settembre 2026: YEAOSU &#8211; TONGYEONG<br \/>\n<\/u><\/strong><em>Pasti inclusi: colazione, pranzo, cena<\/em><\/p>\n<p>Colazione e partenza per il giardino nazionale della baia di Suncheonman e camminata nel giardino. Proseguimento per l\u2019eremo di Namhae Geusman Boriam conosciuto come uno dei pi\u00f9 sacri luoghi di pellegrinaggio in Corea. Al termine proseguimento per Tongyeong.\u00a0 Sistemazione in albergo. Cena e pernottamento.<\/p>\n<p><strong><u>25 settembre 2026: TONGYEONG &#8211; BUSAN<br \/>\n<\/u><\/strong><em>Pasti inclusi: colazione, pranzo, cena<\/em><\/p>\n<p>Colazione e partenza per Busan Busan, importante centro portuale del paese. Dopo l\u2019arrivo visita alla Busan Tower; all\u2019animato mercato del pesce di Jagalchi, e al tempio Yonggungsa, risalente al 1376 e \u201cdifeso\u201d da dodici statue zodiacali raffiguranti esseri antropomorfi. Sistemazione in albergo. Cena e pernottamento.<\/p>\n<p><strong><u>26 settembre 2026: BUSAN &#8211; GYEONGJU<br \/>\n<\/u><\/strong><em>Pasti inclusi: colazione pranzo, cena<\/em><\/p>\n<p>Colazione e partenza per la \u201ccitt\u00e0-museo\u201d di Gyeongju (Patrimonio dell\u2019Umanit\u00e0 dell\u2019UNESCO), antica culla della dinastia Silla, uno dei regni pi\u00f9 importanti della corea del Sud. Qui i viaggiatori visiteranno il Museo e la necropoli del Tumuli Park, le cui tombe sono letteralmente interrate all\u2019interno di tumuli di pietra. Altre soste saranno effettuate all\u2019antico Osservatorio Astronomico e alla Grotta in granito di Seokguram che custodisce una gigantesca statua del Buddha. Sistemazione in albergo, cena e pernottamento.<\/p>\n<p><strong><u>27 settembre 2026: GEONGJU &#8211; ANDONG &#8211; DANYANG<br \/>\n<\/u><\/strong><em>Pasti inclusi: colazione pranzo, cena<\/em><\/p>\n<p>Colazione e partenza per Andong. Arrivo e visita al Villaggio Hahoe, risalente al periodo Joseon e nel passato importante centro di studi confuciani.\u00a0 Pranzo e proseguimento per Danyang. Sistemazione in albergo, cena e pernottamento.<\/p>\n<p><strong><u>28 settembre 2026: DANYANG &#8211; MONTE SEORAK &#8211; SOKCHO<br \/>\n<\/u><\/strong><em>Pasti inclusi: colazione, pranzo, cena<\/em><\/p>\n<p>Colazione e partenza per il Tempio Haeinsa, situato sulle pendici del Monte Kaesan, un\u2019altra \u201cimmersione\u201d nelle tradizioni del paese; Salita con funicolare alla fortezza Gweongeumseong Pranzo e nel pomeriggio sosta al porto di DaepoHang dove si dice ci sia il miglior pesce della Corea. Sistemazione in albergo a Sokcho. Cena e pernottamento.<\/p>\n<p><strong><u>29 settembre: SOKCHO &#8211; GOSEONG &#8211; SEOUL<br \/>\n<\/u><\/strong><em>Pasti inclusi: colazione, pranzo, cena<\/em><\/p>\n<p>Colazione e partenza per Goseong e visita della citt\u00e0 e visita della torre della Unificazione e del Museo del DMZ (zona di demarcazione tra le due Coree) tornata attualmente alla ribalta mondiale per via dei nuovi colloqui diplomatici tra la Corea del Sud e quella del Nord. Pranzo e proseguimento per Seoul. Sistemazione in albergo. Cena e pernottamento<\/p>\n<p><strong><u>30 settembre 2026: SEOUL &#8211; ISTANBUL<br \/>\n<\/u><\/strong><em>Pasti inclusi colazione, pranzo<\/em><\/p>\n<p>Al mattino visita del centro di Seoul con il distretto Gangnam e la Seoul Sky. Pranzo e trasferimento in aeroporto. Operazioni di imbarco e partenza per Istanbul<\/p>\n<p><strong><u>01 ottobre 2026: ISTANBUL &#8211; MILANO<br \/>\n<\/u><\/strong>Arrivo a Istanbul e proseguimento per il rientro a Milano<\/p>\n<p>&nbsp;<\/p>\n<p><strong>N.B. L\u2019Itinerario \u00e8 preliminare. Per motivi organizzativi potrebbe subire variazioni nell\u2019ordine, pur rispettando l\u2019effettuazione delle visite programmate o di altre con pari valore\u00a0 <\/strong><\/p>\n<p>&nbsp;<\/p>\n<p><strong>La quota comprende<\/strong><\/p>\n<p><img decoding=\"async\" class=\"\" src=\"http:\/\/adamelloexpress.com\/wp-content\/uploads\/2022\/06\/check-inclusi.png\" width=\"22\" height=\"22\" \/> Trasferimenti A\/R dalla Valle per l\u2019aeroporto di Malpensa<\/p>\n<p><img decoding=\"async\" class=\"\" src=\"http:\/\/adamelloexpress.com\/wp-content\/uploads\/2022\/06\/check-inclusi.png\" width=\"22\" height=\"22\" \/> Viaggio aereo Milano Malpensa\/Istanbul\/Seoul<\/p>\n<p><img decoding=\"async\" class=\"\" src=\"http:\/\/adamelloexpress.com\/wp-content\/uploads\/2022\/06\/check-inclusi.png\" width=\"22\" height=\"22\" \/> Tasse aeroportuali<\/p>\n<p><img decoding=\"async\" class=\"\" src=\"http:\/\/adamelloexpress.com\/wp-content\/uploads\/2022\/06\/check-inclusi.png\" width=\"22\" height=\"22\" \/> Guida locale parlante italiano per l\u2019intero itinerario<\/p>\n<p><img decoding=\"async\" class=\"\" src=\"http:\/\/adamelloexpress.com\/wp-content\/uploads\/2022\/06\/check-inclusi.png\" width=\"22\" height=\"22\" \/> Pensione completa dal pranzo del primo giorno al pranzo dell\u2019ultimo giorno<\/p>\n<p><img decoding=\"async\" class=\"\" src=\"http:\/\/adamelloexpress.com\/wp-content\/uploads\/2022\/06\/check-inclusi.png\" width=\"22\" height=\"22\" \/> Radioguide auricolari per l\u2019intero itinerario<\/p>\n<p><img decoding=\"async\" class=\"\" src=\"http:\/\/adamelloexpress.com\/wp-content\/uploads\/2022\/06\/check-inclusi.png\" width=\"22\" height=\"22\" \/>\u00a0Ingressi come specificato in programma<\/p>\n<p><img decoding=\"async\" class=\"\" src=\"http:\/\/adamelloexpress.com\/wp-content\/uploads\/2022\/06\/check-inclusi.png\" width=\"22\" height=\"22\" \/> Assicurazione medico bagaglio e contro le penali da annullamento AXA <strong>\u00a0<\/strong><\/p>\n<p>&nbsp;<\/p>\n<p><strong>La quota non comprende<\/strong><\/p>\n<p><img decoding=\"async\" class=\"\" src=\"http:\/\/adamelloexpress.com\/wp-content\/uploads\/2022\/06\/check-esclusi.png\" width=\"28\" height=\"28\" \/>\u00a0I pasti non indicati &#8211; Bevande ai pasti<\/p>\n<p><img decoding=\"async\" class=\"\" src=\"http:\/\/adamelloexpress.com\/wp-content\/uploads\/2022\/06\/check-esclusi.png\" width=\"28\" height=\"28\" \/> Ingressi e visite guidate non indicati in programma<\/p>\n<p><img decoding=\"async\" class=\"\" src=\"http:\/\/adamelloexpress.com\/wp-content\/uploads\/2022\/06\/check-esclusi.png\" width=\"28\" height=\"28\" \/> Mance (verranno raccolti \u20ac 80)<\/p>\n<p><img decoding=\"async\" class=\"\" src=\"http:\/\/adamelloexpress.com\/wp-content\/uploads\/2022\/06\/check-esclusi.png\" width=\"28\" height=\"28\" \/> Extra di carattere personale e tutto quanto non espressamente indicato sotto la voce \u201cLa quota comprende\u201d<\/p>\n<p><strong>Ulteriori informazioni<\/strong><\/p>\n<p>Supplemento camera singola: \u20ac 900,00<\/p>\n<p>Documenti necessari: passaporto con almeno 3 (tre) mesi di validit\u00e0 residua<\/p>\n","protected":false},"excerpt":{"rendered":"<p>Tour della Corea del Sud dal 18 settembre all\u20191 ottobre 2026 &nbsp; Operativo voli: 18\/09\u00a0 \u00a0MXP\/IST \u00a0\u00a0\u00a0TK \u00a0\u00a0\u00a010:20-14:20 _ _ _ _\u00a0 IST\/ICN\u00a0\u00a0 \u00a0\u00a0TK \u00a0\u00a0\u00a016:50 &#8211; 08:35 del 19\/09 30\/09\u00a0 ICN\/IST\u00a0 \u00a0 \u00a0TK \u00a0\u00a0\u00a023:20 &#8211; 04:50 +1 01\/10\u00a0 \u00a0IST\/MXP\u00a0\u00a0 \u00a0TK \u00a0\u00a0\u00a006:55 &#8211; 08:45 18 settembre 2026: MILANO MALPENSA &#8211; SEOUL Partenza dalla Valle verso l\u2019aeroporto [&hellip;]<\/p>\n","protected":false},"author":2,"featured_media":8096,"menu_order":0,"template":"","place-type":[],"place-categories":[147],"place-amenities":[],"place-city":[307],"class_list":["post-8020","place","type-place","status-publish","has-post-thumbnail","hentry","place-categories-tour-di-piu-giorni","place-city-corea-del-sud"],"featured_media_url":"https:\/\/www.adamelloexpress.com\/wp-content\/uploads\/2026\/03\/Tour-Corea-Sud-tempio-bongeunsa-seoul.avif","golo-place_price_short":"4100","golo-place_price_unit":"","golo-place_price_range":"0","golo-place_booking_type":"contact","golo-place_booking":"","golo-place_booking_site":"","golo-place_booking_2":"","golo-place_booking_site_2":"","golo-place_booking_banner":{"id":"0","url":""},"golo-place_booking_banner_url":"","golo-place_booking_form":"16","golo-booking_form_title":"","golo-booking_form_description":"","golo-booking_form_image":{"id":"0","url":""},"golo-place_phone":"+39 0364 535910","golo-place_phone2":"","golo-place_email":"info@adamelloexpress.com","golo-place_website":"","golo-place_identity":"8133","golo-google_review_placeid":"","golo-place_facebook":"","golo-place_instagram":"","golo-place_twitter":"","golo-additional_detail":"1","golo-additional_detail_icon":[""],"golo-additional_detail_name":[""],"golo-additional_detail_url":[""],"golo-opening_monday":"","golo-opening_monday_time":"","golo-monday_allday":"0","golo-opening_tuesday":"","golo-opening_tuesday_time":"","golo-tuesday_allday":"0","golo-opening_wednesday":"","golo-opening_wednesday_time":"","golo-wednesday_allday":"0","golo-opening_thursday":"","golo-opening_thursday_time":"","golo-thursday_allday":"0","golo-opening_friday":"","golo-opening_friday_time":"","golo-friday_allday":"0","golo-opening_saturday":"","golo-opening_saturday_time":"","golo-saturday_allday":"0","golo-opening_sunday":"","golo-opening_sunday_time":"","golo-sunday_allday":"0","golo-yelp_review":"1","golo-yelp_review_title":["Hotel"],"golo-yelp_review_type":["hotel"],"golo-place_views_count":"13090","golo-date":"Dal 18 settembre all'1 ottobre 2026","golo-menu_enable":"0","golo-menu_types":"1","golo-menu_types_name":[""],"golo-menu_tab":[{"golo-menu_title":"Viaggio A\/R in pullman Gran Turismo","golo-menu_price":"","golo-menu_description":"","golo-menu_image":{"id":"4956","url":"http:\/\/adamelloexpress.com\/wp-content\/uploads\/2022\/06\/check-inclusi.png"},"golo-menu_item_type":""},{"golo-menu_title":"Sistemazione in hotel 3* in camere doppie con servizi privati ","golo-menu_price":"","golo-menu_description":"","golo-menu_image":{"id":"4956","url":"http:\/\/adamelloexpress.com\/wp-content\/uploads\/2022\/06\/check-inclusi.png"},"golo-menu_item_type":""},{"golo-menu_title":"Tassa di soggiorno","golo-menu_price":"","golo-menu_description":"","golo-menu_image":{"id":"4957","url":"http:\/\/adamelloexpress.com\/wp-content\/uploads\/2022\/06\/check-esclusi.png"},"golo-menu_item_type":""},{"golo-menu_title":"Ingressi ai musei","golo-menu_price":"","golo-menu_description":"","golo-menu_image":{"id":"4957","url":"http:\/\/adamelloexpress.com\/wp-content\/uploads\/2022\/06\/check-esclusi.png"},"golo-menu_item_type":""},{"golo-menu_title":"Assicurazione annullamento al viaggio","golo-menu_price":"","golo-menu_description":"","golo-menu_image":{"id":"4957","url":"http:\/\/adamelloexpress.com\/wp-content\/uploads\/2022\/06\/check-esclusi.png"},"golo-menu_item_type":""},{"golo-menu_title":"Mance","golo-menu_price":"","golo-menu_description":"","golo-menu_image":{"id":"4957","url":"http:\/\/adamelloexpress.com\/wp-content\/uploads\/2022\/06\/check-esclusi.png"},"golo-menu_item_type":""}],"golo-place_address":"Seoul","golo-place_zip":"","golo-place_timezone":"UTC+0","golo-place_location":{"location":"37.550263,126.9970831","address":"Seul, Corea del Sud"},"golo-place_featured":"0","golo-place_logged":"0","golo-place_images":["https:\/\/www.adamelloexpress.com\/wp-content\/uploads\/2026\/03\/Tour-Corea-Sud-tempio-Yonggungsa.jpg","https:\/\/www.adamelloexpress.com\/wp-content\/uploads\/2026\/03\/Tour-Corea-Sud-tempio-bongeunsa-seoul.avif","https:\/\/www.adamelloexpress.com\/wp-content\/uploads\/2026\/01\/corea-del-sud.webp","https:\/\/www.adamelloexpress.com\/wp-content\/uploads\/2026\/01\/corea.webp","https:\/\/www.adamelloexpress.com\/wp-content\/uploads\/2026\/01\/images.jpg","https:\/\/www.adamelloexpress.com\/wp-content\/uploads\/2026\/03\/Tour-Corea-Sud-Busan-Busan.jpg","https:\/\/www.adamelloexpress.com\/wp-content\/uploads\/2026\/03\/Tour-Corea-Sud-Tongyeong.webp","https:\/\/www.adamelloexpress.com\/wp-content\/uploads\/2026\/03\/Tour-Corea-Sud-giardino-nazionale-baia-di-Suncheonman.jpg","https:\/\/www.adamelloexpress.com\/wp-content\/uploads\/2026\/03\/Tour-Corea-Sud-Yeosu.jpg","https:\/\/www.adamelloexpress.com\/wp-content\/uploads\/2026\/03\/Tour-Corea-Sud-Daejeon.jpg","https:\/\/www.adamelloexpress.com\/wp-content\/uploads\/2026\/03\/Tour-Corea-Sud-Seoul-Tower.jpg","https:\/\/www.adamelloexpress.com\/wp-content\/uploads\/2026\/03\/Tour-Corea-Sud-Tempio-Jogyesa.jpg"],"golo-place_video_url":"","golo-place_video_image":"","golo-faqs_enable":"1","golo-faqs_tab":[{"golo-faqs_title":"Entro quanti giorni devo dare conferma?","golo-faqs_description":"Non c'\u00e8 un termine, va ad esaurimento posti"},{"golo-faqs_title":"Ci sono riduzioni per i bambini?","golo-faqs_description":"La tariffa \u00e8 di gruppo, quindi gi\u00e0 ridotta per tutti"},{"golo-faqs_title":"Bisogna pagare un acconto in fase di prenotazione?","golo-faqs_description":"\u00c8 richiesto un acconto di 400,00\u20ac a persona"},{"golo-faqs_title":"A che ora \u00e8 prevista la partenza?","golo-faqs_description":"Per i dettagli del viaggio sar\u00e0 pronto il foglio notizie una decina di giorni prima della partenza"}],"golo-booking_item_name":"","golo-booking_item_id":"","golo-booking_item_author":"","golo-booking_adults":"","golo-booking_childrens":"","golo-booking_date":"","golo-booking_time":"","golo-place_coupon":"","golo-package_free":"","golo-package_price":"","golo-package_unlimited_time":"","golo-package_time_unit":"","golo-package_period":"","golo-package_unlimited_listing":"","golo-package_number_listings":"","golo-package_number_featured":"","golo-package_order_display":"","golo-package_featured":"","golo-package_visible":"","golo-package_extra_featured":"","golo-email_template_framework_type":"","golo-place_rating":"","golo-review_count":0,"_links":{"self":[{"href":"https:\/\/www.adamelloexpress.com\/index.php\/wp-json\/wp\/v2\/place\/8020","targetHints":{"allow":["GET"]}}],"collection":[{"href":"https:\/\/www.adamelloexpress.com\/index.php\/wp-json\/wp\/v2\/place"}],"about":[{"href":"https:\/\/www.adamelloexpress.com\/index.php\/wp-json\/wp\/v2\/types\/place"}],"author":[{"embeddable":true,"href":"https:\/\/www.adamelloexpress.com\/index.php\/wp-json\/wp\/v2\/users\/2"}],"version-history":[{"count":18,"href":"https:\/\/www.adamelloexpress.com\/index.php\/wp-json\/wp\/v2\/place\/8020\/revisions"}],"predecessor-version":[{"id":8133,"href":"https:\/\/www.adamelloexpress.com\/index.php\/wp-json\/wp\/v2\/place\/8020\/revisions\/8133"}],"wp:featuredmedia":[{"embeddable":true,"href":"https:\/\/www.adamelloexpress.com\/index.php\/wp-json\/wp\/v2\/media\/8096"}],"wp:attachment":[{"href":"https:\/\/www.adamelloexpress.com\/index.php\/wp-json\/wp\/v2\/media?parent=8020"}],"wp:term":[{"taxonomy":"place-type","embeddable":true,"href":"https:\/\/www.adamelloexpress.com\/index.php\/wp-json\/wp\/v2\/place-type?post=8020"},{"taxonomy":"place-categories","embeddable":true,"href":"https:\/\/www.adamelloexpress.com\/index.php\/wp-json\/wp\/v2\/place-categories?post=8020"},{"taxonomy":"place-amenities","embeddable":true,"href":"https:\/\/www.adamelloexpress.com\/index.php\/wp-json\/wp\/v2\/place-amenities?post=8020"},{"taxonomy":"place-city","embeddable":true,"href":"https:\/\/www.adamelloexpress.com\/index.php\/wp-json\/wp\/v2\/place-city?post=8020"}],"curies":[{"name":"wp","href":"https:\/\/api.w.org\/{rel}","templated":true}]}}