{"id":8159,"date":"2026-03-18T09:23:49","date_gmt":"2026-03-18T09:23:49","guid":{"rendered":"https:\/\/www.adamelloexpress.com\/?post_type=place&#038;p=8159"},"modified":"2026-03-18T09:35:05","modified_gmt":"2026-03-18T09:35:05","slug":"croazia-slovenia-e-laghi-plitvice","status":"publish","type":"place","link":"https:\/\/www.adamelloexpress.com\/index.php\/place\/croazia-slovenia-e-laghi-plitvice\/","title":{"rendered":"Croazia, Slovenia e Laghi di Plitvice"},"content":{"rendered":"<p><strong>Croazia, Slovenia e Laghi di Plitvice<\/strong><\/p>\n<p><strong>Dal 20 al 25 agosto 2026<\/strong><\/p>\n<p><em><strong>Partenze: Cividate Camuno, Boario, Pisogne, Virle Treponti<\/strong><\/em><\/p>\n<p>&nbsp;<\/p>\n<p><strong><u>Gioved\u00ec 20 agosto 2026: VIRLE \u2013 TRIESTE \u2013<\/u><\/strong><strong><u>\u00a0 ABBAZIA<\/u><\/strong><\/p>\n<p>Ritrovo dei partecipanti nel luogo e all\u2019orario convenuto e partenza in pullman Gran Turismo per Trieste. All\u2019arrivo visita guidata della citt\u00e0: Porto Vecchio, Borgo Teresiano, Rive, Piazza Unit\u00e0 d\u2019Italia, Porto Nuovo, Colle di S. Giusto con visita della Cattedrale e dei resti romani di Tergeste, Piazza Verdi, Piazza della Borsa, Ghetto Ebraico. Pranzo in ristorante. Nel pomeriggio partenza per la Croazia. All\u2019arrivo ad Abbazia, sistemazione nelle camere riservate in hotel, cena e pernottamento.<\/p>\n<p><strong><u>Venerd\u00ec 21 agosto 2026: ABBAZIA \u2013 PLITVICE \u2013 ABBAZIA\u00a0 <\/u><\/strong><\/p>\n<p>Prima colazione in hotel. Partenza per il Parco Nazionale di Plitvice. Incontro con la guida e visita dei Laghi Inferiori. Pranzo in ristorante. Nel pomeriggio proseguimento della visita guidata ai Laghi Superiori. Al termine rientro in hotel, cena e pernottamento.<\/p>\n<p><strong><u>Sabato 22 agosto 2026: ABBAZIA \u2013 ISOLA DI KRK \u2013 ABBAZIA<\/u><\/strong><\/p>\n<p>Prima colazione in hotel. Mattinata dedicata alla visita guidata dell\u2019Isola di Veglia (Krk), caratterizzata da rocce calcaree e sulla costa da piccole baie con spiagge sabbiose. Il centro dell\u2019isola \u00e8 coltivato con piantagioni di ulivi, viti e alberi da frutto. Visita di alcuni dei luoghi pi\u00f9 suggestivi come il borgo marinaro di Punat e Verbenico, piccolo borgo, avvolto da una fitta vegetazione, che si staglia su un\u2019altura a picco sul mare. Dai vigneti che circondano l\u2019abitato viene prodotto l\u2019ottimo Zlatina, uno tra i migliori vini bianchi della regione. Pranzo in ristorante. Visita del monastero. Nel pomeriggio rientro in hotel, cena e pernottamento.<\/p>\n<p><strong><u>Domenica 23 agosto 2026: ABBAZIA \u2013 ZAGABRIA \u2013 ABBAZIA<\/u><\/strong><\/p>\n<p>Prima colazione in hotel. Partenza per Zagabria. All\u2019arrivo visita guidata della citt\u00e0, dichiarata nel 1991 capitale della Repubblica di Croazia. Si potranno ammirare: il Duomo, la Porta di Pietra, la Piazza Jelacic, il Parlamento e la Chiesa di San Marco. Pranzo in ristorante. Nel pomeriggio rientro ad Abbazia. Cena e pernottamento in hotel.<\/p>\n<p><strong><u>Luned\u00ec 24 agosto 2026: ABBAZIA \u2013 POLA \u2013 ROVIGNO \u2013 PARENZO \u2013 ABBAZIA <\/u><\/strong><\/p>\n<p>Prima colazione in hotel. Partenza per l\u2019escursione guidata dell\u2019Istria. Visita di Pola (Pula), centro turistico-culturale, e di Rovigno (Rovinj), incantevole localit\u00e0 marinara. Pranzo in ristorante. Nel pomeriggio proseguimento per Parenzo (Porec), piacevole cittadina che conserva uno straordinario patrimonio artistico e monumentale. In serata rientro in hotel, cena e pernottamento.<\/p>\n<p><strong><u>Marted\u00ec 25 agosto 2026: ABBAZIA \u2013 GORIZIA e NOVA GORICA \u2013 VIRLE<\/u><\/strong><\/p>\n<p>Prima colazione in hotel. Partenza per Gorizia e Nova Gorica, Capitale Europea della Cultura 2025. Al termine della seconda Guerra Mondiale la citt\u00e0 \u00e8 stata divisa fra Italia e Slovenia e la parte slovena ha assunto il nome di Nova Gorica. Al termine della visita guidata pranzo in ristorante. Nel pomeriggio partenza per il rientro in Italia con arrivo a Virle previsto in serata.<\/p>\n<p>&nbsp;<\/p>\n<p><strong>La quota comprende<\/strong><\/p>\n<p><img decoding=\"async\" class=\"\" src=\"http:\/\/adamelloexpress.com\/wp-content\/uploads\/2022\/06\/check-inclusi.png\" width=\"22\" height=\"22\" \/> Viaggio A\/R in pullman Gran Turismo come da programma.<\/p>\n<p><img decoding=\"async\" class=\"\" src=\"http:\/\/adamelloexpress.com\/wp-content\/uploads\/2022\/06\/check-inclusi.png\" width=\"22\" height=\"22\" \/> Sistemazione in hotel 4**** in camere doppie con servizi privati.<\/p>\n<p><img decoding=\"async\" class=\"\" src=\"http:\/\/adamelloexpress.com\/wp-content\/uploads\/2022\/06\/check-inclusi.png\" width=\"22\" height=\"22\" \/> Trattamento di mezza pensione in hotel (bevande escluse).<\/p>\n<p><img decoding=\"async\" class=\"\" src=\"http:\/\/adamelloexpress.com\/wp-content\/uploads\/2022\/06\/check-inclusi.png\" width=\"22\" height=\"22\" \/> N. 6 pranzi in ristorante (bevande escluse).<\/p>\n<p><img decoding=\"async\" class=\"\" src=\"http:\/\/adamelloexpress.com\/wp-content\/uploads\/2022\/06\/check-inclusi.png\" width=\"22\" height=\"22\" \/> Visite guidate come da programma.<\/p>\n<p><img decoding=\"async\" class=\"\" src=\"http:\/\/adamelloexpress.com\/wp-content\/uploads\/2022\/06\/check-inclusi.png\" width=\"22\" height=\"22\" \/> Ingresso ai Laghi di Plitvice e a Ko\u0161ljun.<\/p>\n<p><img decoding=\"async\" class=\"\" src=\"http:\/\/adamelloexpress.com\/wp-content\/uploads\/2022\/06\/check-inclusi.png\" width=\"22\" height=\"22\" \/> Tassa di soggiorno.<\/p>\n<p><img decoding=\"async\" class=\"\" src=\"http:\/\/adamelloexpress.com\/wp-content\/uploads\/2022\/06\/check-inclusi.png\" width=\"22\" height=\"22\" \/> Assicurazione medica\/annullamento (con certificato medico).<\/p>\n<p>&nbsp;<\/p>\n<p><strong>La quota non comprende<\/strong><\/p>\n<p><img decoding=\"async\" class=\"\" src=\"http:\/\/adamelloexpress.com\/wp-content\/uploads\/2022\/06\/check-esclusi.png\" width=\"28\" height=\"28\" \/> Bevande non indicate.<\/p>\n<p><img decoding=\"async\" class=\"\" src=\"http:\/\/adamelloexpress.com\/wp-content\/uploads\/2022\/06\/check-esclusi.png\" width=\"28\" height=\"28\" \/> Ingressi e visite guidate non in programma.<\/p>\n<p><img decoding=\"async\" class=\"\" src=\"http:\/\/adamelloexpress.com\/wp-content\/uploads\/2022\/06\/check-esclusi.png\" width=\"28\" height=\"28\" \/> Mance.<\/p>\n<p><img decoding=\"async\" class=\"\" src=\"http:\/\/adamelloexpress.com\/wp-content\/uploads\/2022\/06\/check-esclusi.png\" width=\"28\" height=\"28\" \/> Facchinaggi.<\/p>\n<p><img decoding=\"async\" class=\"\" src=\"http:\/\/adamelloexpress.com\/wp-content\/uploads\/2022\/06\/check-esclusi.png\" width=\"28\" height=\"28\" \/> Extra di carattere personale e tutto quanto non espressamente indicato sotto la voce \u201cLa quota comprende\u201d.<\/p>\n<p>&nbsp;<\/p>\n<p><strong>Ulteriori informazioni<\/strong><\/p>\n<p>Supplemento camera singola: 250,00\u20ac<\/p>\n<p>Documenti necessari: Carta di identit\u00e0 valida per l&#8217;espatrio<\/p>\n<p><a href=\"https:\/\/www.adamelloexpress.com\/index.php\/prodotto\/croazia-slovenia-e-laghi-plitvice\/\"><img decoding=\"async\" class=\"alignnone wp-image-4984 size-full\" src=\"http:\/\/www.adamelloexpress.com\/wp-content\/uploads\/2022\/06\/btn-prenota-ora-green.png\" alt=\"\" width=\"175\" height=\"47\" \/><\/a><\/p>\n","protected":false},"excerpt":{"rendered":"<p>Croazia, Slovenia e Laghi di Plitvice Dal 20 al 25 agosto 2026 Partenze: Cividate Camuno, Boario, Pisogne, Virle Treponti &nbsp; Gioved\u00ec 20 agosto 2026: VIRLE \u2013 TRIESTE \u2013\u00a0 ABBAZIA Ritrovo dei partecipanti nel luogo e all\u2019orario convenuto e partenza in pullman Gran Turismo per Trieste. All\u2019arrivo visita guidata della citt\u00e0: Porto Vecchio, Borgo Teresiano, Rive, [&hellip;]<\/p>\n","protected":false},"author":2,"featured_media":8151,"menu_order":0,"template":"","place-type":[],"place-categories":[147],"place-amenities":[],"place-city":[308],"class_list":["post-8159","place","type-place","status-publish","has-post-thumbnail","hentry","place-categories-tour-di-piu-giorni","place-city-croazia"],"featured_media_url":"https:\/\/www.adamelloexpress.com\/wp-content\/uploads\/2026\/03\/Laghi-Plitvice-parco.jpg","golo-place_price_short":"1290","golo-place_price_unit":"","golo-place_price_range":"0","golo-place_booking_type":"contact","golo-place_booking":"","golo-place_booking_site":"","golo-place_booking_2":"","golo-place_booking_site_2":"","golo-place_booking_banner":{"id":"0","url":""},"golo-place_booking_banner_url":"","golo-place_booking_form":"16","golo-booking_form_title":"","golo-booking_form_description":"","golo-booking_form_image":{"id":"0","url":""},"golo-place_phone":"+39 0364 535910","golo-place_phone2":"","golo-place_email":"info@adamelloexpress.com","golo-place_website":"","golo-place_identity":"8166","golo-google_review_placeid":"","golo-place_facebook":"","golo-place_instagram":"","golo-place_twitter":"","golo-additional_detail":"1","golo-additional_detail_icon":[""],"golo-additional_detail_name":[""],"golo-additional_detail_url":[""],"golo-opening_monday":"","golo-opening_monday_time":"","golo-monday_allday":"0","golo-opening_tuesday":"","golo-opening_tuesday_time":"","golo-tuesday_allday":"0","golo-opening_wednesday":"","golo-opening_wednesday_time":"","golo-wednesday_allday":"0","golo-opening_thursday":"","golo-opening_thursday_time":"","golo-thursday_allday":"0","golo-opening_friday":"","golo-opening_friday_time":"","golo-friday_allday":"0","golo-opening_saturday":"","golo-opening_saturday_time":"","golo-saturday_allday":"0","golo-opening_sunday":"","golo-opening_sunday_time":"","golo-sunday_allday":"0","golo-yelp_review":"1","golo-yelp_review_title":["Hotel"],"golo-yelp_review_type":["hotel"],"golo-place_views_count":"13749","golo-date":"Dal 20 al 25 agosto 2026","golo-menu_enable":"0","golo-menu_types":"1","golo-menu_types_name":[""],"golo-menu_tab":[{"golo-menu_title":"Viaggio A\/R in pullman Gran Turismo","golo-menu_price":"","golo-menu_description":"","golo-menu_image":{"id":"4956","url":"http:\/\/adamelloexpress.com\/wp-content\/uploads\/2022\/06\/check-inclusi.png"},"golo-menu_item_type":""},{"golo-menu_title":"Sistemazione in hotel 3* in camere doppie con servizi privati ","golo-menu_price":"","golo-menu_description":"","golo-menu_image":{"id":"4956","url":"http:\/\/adamelloexpress.com\/wp-content\/uploads\/2022\/06\/check-inclusi.png"},"golo-menu_item_type":""},{"golo-menu_title":"Tassa di soggiorno","golo-menu_price":"","golo-menu_description":"","golo-menu_image":{"id":"4957","url":"http:\/\/adamelloexpress.com\/wp-content\/uploads\/2022\/06\/check-esclusi.png"},"golo-menu_item_type":""},{"golo-menu_title":"Ingressi ai musei","golo-menu_price":"","golo-menu_description":"","golo-menu_image":{"id":"4957","url":"http:\/\/adamelloexpress.com\/wp-content\/uploads\/2022\/06\/check-esclusi.png"},"golo-menu_item_type":""},{"golo-menu_title":"Assicurazione annullamento al viaggio","golo-menu_price":"","golo-menu_description":"","golo-menu_image":{"id":"4957","url":"http:\/\/adamelloexpress.com\/wp-content\/uploads\/2022\/06\/check-esclusi.png"},"golo-menu_item_type":""},{"golo-menu_title":"Mance","golo-menu_price":"","golo-menu_description":"","golo-menu_image":{"id":"4957","url":"http:\/\/adamelloexpress.com\/wp-content\/uploads\/2022\/06\/check-esclusi.png"},"golo-menu_item_type":""}],"golo-place_address":"Croazia - Slovenia","golo-place_zip":"","golo-place_timezone":"UTC+0","golo-place_location":{"location":"44.880505,15.618949","address":"Plitvica, 53231, Plitvi\u010dka Jezera, Croazia"},"golo-place_featured":"0","golo-place_logged":"0","golo-place_images":["https:\/\/www.adamelloexpress.com\/wp-content\/uploads\/2026\/03\/Laghi-Plitvice-lakes-National-Park.webp","https:\/\/www.adamelloexpress.com\/wp-content\/uploads\/2026\/03\/Laghi-Plitvice-parco.jpg","https:\/\/www.adamelloexpress.com\/wp-content\/uploads\/2026\/03\/Laghi-Plitvice-Rovigno.jpg","https:\/\/www.adamelloexpress.com\/wp-content\/uploads\/2026\/03\/Laghi-Plitvice-rieste-borgo-Teresiano.jpg","https:\/\/www.adamelloexpress.com\/wp-content\/uploads\/2026\/03\/Laghi-Plitvice-laghi-plitvice-cascata.jpg","https:\/\/www.adamelloexpress.com\/wp-content\/uploads\/2026\/03\/Laghi-Plitvice-Gorizia.jpg","https:\/\/www.adamelloexpress.com\/wp-content\/uploads\/2026\/03\/Laghi-Plitvice-Isola-di-veglia.jpg","https:\/\/www.adamelloexpress.com\/wp-content\/uploads\/2026\/03\/Laghi-Plitvice.jpg","https:\/\/www.adamelloexpress.com\/wp-content\/uploads\/2026\/03\/Laghi-Plitvice-Porec.webp","https:\/\/www.adamelloexpress.com\/wp-content\/uploads\/2026\/03\/Laghi-Plitvice-Rovigno-2.jpg","https:\/\/www.adamelloexpress.com\/wp-content\/uploads\/2026\/03\/Laghi-Plitvice-Trieste-piazza-unita-dItalia.jpg","https:\/\/www.adamelloexpress.com\/wp-content\/uploads\/2026\/03\/Laghi-Plitvice-Zagabria.jpg"],"golo-place_video_url":"","golo-place_video_image":"","golo-faqs_enable":"1","golo-faqs_tab":[{"golo-faqs_title":"Entro quanti giorni devo dare conferma?","golo-faqs_description":"Non c'\u00e8 un termine, va ad esaurimento posti"},{"golo-faqs_title":"Ci sono riduzioni per i bambini?","golo-faqs_description":"La tariffa \u00e8 di gruppo, quindi gi\u00e0 ridotta per tutti"},{"golo-faqs_title":"Bisogna pagare un acconto in fase di prenotazione?","golo-faqs_description":"\u00c8 richiesto un acconto di 400,00\u20ac a persona"},{"golo-faqs_title":"A che ora \u00e8 prevista la partenza?","golo-faqs_description":"Per i dettagli del viaggio sar\u00e0 pronto il foglio notizie una decina di giorni prima della partenza"}],"golo-booking_item_name":"","golo-booking_item_id":"","golo-booking_item_author":"","golo-booking_adults":"","golo-booking_childrens":"","golo-booking_date":"","golo-booking_time":"","golo-place_coupon":"","golo-package_free":"","golo-package_price":"","golo-package_unlimited_time":"","golo-package_time_unit":"","golo-package_period":"","golo-package_unlimited_listing":"","golo-package_number_listings":"","golo-package_number_featured":"","golo-package_order_display":"","golo-package_featured":"","golo-package_visible":"","golo-package_extra_featured":"","golo-email_template_framework_type":"","golo-place_rating":"","golo-review_count":0,"_links":{"self":[{"href":"https:\/\/www.adamelloexpress.com\/index.php\/wp-json\/wp\/v2\/place\/8159","targetHints":{"allow":["GET"]}}],"collection":[{"href":"https:\/\/www.adamelloexpress.com\/index.php\/wp-json\/wp\/v2\/place"}],"about":[{"href":"https:\/\/www.adamelloexpress.com\/index.php\/wp-json\/wp\/v2\/types\/place"}],"author":[{"embeddable":true,"href":"https:\/\/www.adamelloexpress.com\/index.php\/wp-json\/wp\/v2\/users\/2"}],"version-history":[{"count":5,"href":"https:\/\/www.adamelloexpress.com\/index.php\/wp-json\/wp\/v2\/place\/8159\/revisions"}],"predecessor-version":[{"id":8166,"href":"https:\/\/www.adamelloexpress.com\/index.php\/wp-json\/wp\/v2\/place\/8159\/revisions\/8166"}],"wp:featuredmedia":[{"embeddable":true,"href":"https:\/\/www.adamelloexpress.com\/index.php\/wp-json\/wp\/v2\/media\/8151"}],"wp:attachment":[{"href":"https:\/\/www.adamelloexpress.com\/index.php\/wp-json\/wp\/v2\/media?parent=8159"}],"wp:term":[{"taxonomy":"place-type","embeddable":true,"href":"https:\/\/www.adamelloexpress.com\/index.php\/wp-json\/wp\/v2\/place-type?post=8159"},{"taxonomy":"place-categories","embeddable":true,"href":"https:\/\/www.adamelloexpress.com\/index.php\/wp-json\/wp\/v2\/place-categories?post=8159"},{"taxonomy":"place-amenities","embeddable":true,"href":"https:\/\/www.adamelloexpress.com\/index.php\/wp-json\/wp\/v2\/place-amenities?post=8159"},{"taxonomy":"place-city","embeddable":true,"href":"https:\/\/www.adamelloexpress.com\/index.php\/wp-json\/wp\/v2\/place-city?post=8159"}],"curies":[{"name":"wp","href":"https:\/\/api.w.org\/{rel}","templated":true}]}}